
{"id":9066,"date":"2018-11-07T00:26:58","date_gmt":"2018-11-07T00:26:58","guid":{"rendered":"https:\/\/www.valuationtribunal.ie\/faisneis-fuinn\/privacy-policy\/"},"modified":"2025-10-10T14:14:04","modified_gmt":"2025-10-10T14:14:04","slug":"privacy-policy","status":"publish","type":"page","link":"https:\/\/www.valuationtribunal.ie\/ga\/faisneis-fuinn\/privacy-policy\/","title":{"rendered":"Beartas maidir le Pr\u00edobh\u00e1ideachas"},"content":{"rendered":"\n<h2 class=\"wp-block-heading\">Beartas an Bhinse Luach\u00e1la maidir le Pr\u00edobh\u00e1ideachas<\/h2>\n\n\n\n<ol class=\"wp-block-list\">\n<li>Sa Bheartas seo maidir le Pr\u00edobh\u00e1ideachas, is ionann tagairt\u00ed don \u201cBinse\u201d, don ch\u00e9ad phearsa san uimhir iolra den fhoirm scartha (e.g. muid, sinn) agus den fhoirm th\u00e1ite de bhriathra, agus don aidiacht shealbhach \u201c\u00e1r\u201d agus tagairt\u00ed don Bhinse Luach\u00e1la. Is ionann tagairt\u00ed don fhorainm \u201ct\u00fa\/tusa\u201d, don dara pearsa den fhorainm r\u00e9amhfhoclach san uimhir uatha agus don aidiacht shealbhach \u201cdo\u201d agus tagairt\u00ed don duine a mbail\u00edmid agus a n-\u00fas\u00e1idimid a chuid n\u00f3 a cuid faisn\u00e9ise pearsanta.<\/li>\n\n\n\n<li>T\u00e1 feidhm ag an mBeartas seo maidir le Pr\u00edobh\u00e1ideachas idir tusa agus an Binse Luach\u00e1lam.<\/li>\n\n\n\n<li>Is ionann tagairt\u00ed don l\u00e1ithre\u00e1n gr\u00e9as\u00e1in agus tagairt\u00ed do www.valuationtribunal.ie.<\/li>\n\n\n\n<li>Is ionann tagairt\u00ed do \u201csonra\u00ed\u201d tagairt\u00ed don fhaisn\u00e9is phearsanta go l\u00e9ir a chuireann t\u00fa faoi bhr\u00e1id an Bhinse.<\/li>\n\n\n\n<li>Is \u00e9 at\u00e1 i bhfaisn\u00e9is phearsanta n\u00e1 aon fhaisn\u00e9is a bhf\u00e9adfaimis \u00fas\u00e1id a bhaint aisti chun duine a shainaithint. N\u00ed \u00e1ir\u00edonn s\u00e9 faisn\u00e9is phearsanta de chine\u00e1l at\u00e1 ionch\u00f3daithe, at\u00e1 anaithnidithe n\u00f3 at\u00e1 ar f\u00e1il go poibl\u00ed.<\/li>\n\n\n\n<li>F\u00e9adfaidh an Binse an Beartas seo a athr\u00fa \u00f3 am go ham agus, d\u00e1 bhr\u00ed sin, is ceart duit an l\u00e1ithre\u00e1n gr\u00e9as\u00e1in a sheice\u00e1il \u00f3 thr\u00e1th go ch\u00e9ile lena chinnti\u00fa go bhfuil t\u00fa ar an eolas faoi aon athruithe a dh\u00e9antar. Tr\u00ed achomharc a thaisceadh, toil\u00edonn t\u00fa leis an mBeartas seo maidir le Pr\u00edobh\u00e1ideachas.<\/li>\n\n\n\n<li>Is ceart aon cheisteanna at\u00e1 agat faoin mBeartas seo maidir le Pr\u00edobh\u00e1ideachas a chur chuig Cl\u00e1raitheoir an Bhinse n\u00f3, mar mhalairt air sin, is f\u00e9idir leat dul i dteagmh\u00e1il leis an mBinse leis an teileaf\u00f3n ag 01 676130, aon tr\u00e1th le linn uaireanta oibre \u00f3 Luan go hAoine.<\/li>\n\n\n\n<li>T\u00e1 an Binse tiomanta i leith pr\u00edobh\u00e1ideachas p\u00e1irtithe a dh\u00e9anann achomharc chuig an mBinse a chosaint agus a urram\u00fa. Chuige sin, t\u00e1 n\u00f3sanna imeachta curtha ar bun againn chun a chinnti\u00fa go nd\u00e9antar do chuid sonra\u00ed pearsanta a l\u00e1imhse\u00e1il go freagrach agus i gcomhr\u00e9ir leis an reachta\u00edocht a bhaineann le cosaint sonra\u00ed.<\/li>\n\n\n\n<li>Sa Bheartas seo, tugtar m\u00edni\u00fa i dtaobh c\u00e9n f\u00e1th go mbail\u00edonn an Binse faisn\u00e9is phearsanta, i dtaobh conas a \u00fas\u00e1idimid an fhaisn\u00e9is sin, i dtaobh na gcoinn\u00edollacha ar d\u00e1 r\u00e9ir a fh\u00e9adfaimid \u00ed a nochtadh do dhaoine eile agus i dtaobh conas a choime\u00e1dtar do chuid faisn\u00e9ise pearsanta i riocht daingean.<\/li>\n\n\n\n<li>The processing of your personal data is lawful under Article 6 Paragraph 1(a) of <a href=\"https:\/\/data.europa.eu\/eli\/reg\/2016\/679\/oj\">EU General Data Protection Regulation,<\/a> www.valuationtribunal.ie only collects personally identifiable information with your explicit consent.<\/li>\n<\/ol>\n\n\n\n<h3 class=\"wp-block-heading\">C\u00e9 sinn<\/h3>\n\n\n\n<ol start=\"10\" class=\"wp-block-list\">\n<li>T\u00e1 an Binse ina chomhlacht reacht\u00fail a buna\u00edoch chun achomhairc a \u00e9isteacht, ar achomhairc iad a dh\u00e9antar i gcoinne chinneadh an Choimisin\u00e9ara Luach\u00e1la i leith luach\u00e1il inr\u00e1taithe maoine tr\u00e1cht\u00e1la agus tionscail. Ina theannta sin, \u00e9isteann an Binse achomhairc i gcoinne breitheanna a dh\u00e9anann \u00fadar\u00e1is plean\u00e1la le linn margadhluach l\u00e1ithre\u00e1n folamh a chinneadh agus achomhairc i gcoinne breitheanna a dh\u00e9anann \u00fadar\u00e1is \u00e1iti\u00fala le linn luach l\u00e1ithre\u00e1n tr\u00e9igthe a chinneadh.<\/li>\n<\/ol>\n\n\n\n<h3 class=\"wp-block-heading\">Conas a bhail\u00edmid faisn\u00e9is uait<\/h3>\n\n\n\n<ol start=\"11\" class=\"wp-block-list\">\n<li>Bail\u00edonn an Binse faisn\u00e9is uait nuair a th\u00edolacann t\u00fa f\u00f3gra comhl\u00e1naithe achomhairc agus r\u00e1itis n\u00f3 tuarasc\u00e1lacha i scr\u00edbhinn faoi do mhaoin, lena n-\u00e1ir\u00edtear mionsonra\u00ed amhail an c\u00edos n\u00f3 t\u00e9arma\u00ed do chonartha tion\u00f3ntachta n\u00f3 l\u00e9asa, ar mionsonra\u00ed iad a shol\u00e1thra\u00edonn t\u00fa chun tac\u00fa le d\u2019achomharc n\u00f3 mar fhreagra ar iarrata\u00ed ar fhaisn\u00e9is bhreise.<\/li>\n<\/ol>\n\n\n\n<h3 class=\"wp-block-heading\">An cine\u00e1l faisn\u00e9ise pearsanta a bhail\u00edmid uait<\/h3>\n\n\n\n<ol start=\"12\" class=\"wp-block-list\">\n<li>\u00c1ir\u00edonn an fhaisn\u00e9is phearsanta a bhail\u00edmid uait d\u2019ainm, do chuid mionsonra\u00ed teagmh\u00e1la, lena n-\u00e1ir\u00edtear seoladh do mhaoine, do phostch\u00f3d, do sheoladh r\u00edomhphoist, ainm agus seoladh do ghn\u00edomhaire, faisn\u00e9is ch\u00edosa, mionsonra\u00ed faoi th\u00e9arma\u00ed airithe at\u00e1 ann i do chomhaont\u00fa tion\u00f3ntachta n\u00f3 l\u00e9asa agus aon fhaisn\u00e9is phearsanta eile a shol\u00e1thra\u00edonn t\u00fa lena h\u00fas\u00e1id chun tac\u00fa le d\u2019achomharc. N\u00ed bhail\u00edmid ach an m\u00e9id is l\u00fa faisn\u00e9ise pearsanta a bhfuil g\u00e1 l\u00e9i chun teagmh\u00e1il a dh\u00e9anamh leat agus chun d\u2019achomharc a phr\u00f3ise\u00e1il.<\/li>\n<\/ol>\n\n\n\n<h3 class=\"wp-block-heading\">Conas a \u00fas\u00e1idimid do chuid faisn\u00e9ise<\/h3>\n\n\n\n<ol start=\"13\" class=\"wp-block-list\">\n<li>Baineann an Binse \u00fas\u00e1id as do chuid faisn\u00e9ise pearsanta chun an m\u00e9id seo a leanas a dh\u00e9anamh\n<ul class=\"wp-block-list\">\n<li>d\u2019achomharc a phr\u00f3ise\u00e1il agus ar mhaithe le haon chusp\u00f3ir dlisteanach eile a bhaineann le d\u2019achomharc, agus<\/li>\n\n\n\n<li>\u00e1r gc\u00faram reacht\u00fail a chur i gcr\u00edch i nd\u00e1il le d\u2019achomharc a \u00e9isteacht agus\/n\u00f3 a chinneadh. N\u00ed bhaileoimid, n\u00e1 n\u00ed \u00fas\u00e1idfimid, na sonra\u00ed sin ach amh\u00e1in de r\u00e9ir an Bheartais seo maidir le Pr\u00edobh\u00e1ideachas. D\u00e9antar na sonra\u00ed pearsanta go l\u00e9ir a st\u00f3r\u00e1il go daingean de r\u00e9ir na bprionsabal iomchu\u00ed a bhaineann leis an dl\u00ed cosanta sonra\u00ed. Mura rud \u00e9 go bhfuil oibleag\u00e1id orainn, n\u00f3 go gceada\u00edtear d\u00fainn, d\u00e9anamh amhlaidh de r\u00e9ir an dl\u00ed, agus faoi r\u00e9ir aon nochtadh tr\u00ed\u00fa p\u00e1irt\u00ed d\u00e1 dtagra\u00edtear sa Bhearta seo, n\u00ed dh\u00e9anfar do chuid faisn\u00e9ise a nochtadh d\u2019aon tr\u00ed\u00fa p\u00e1irtithe.<\/li>\n<\/ul>\n<\/li>\n<\/ol>\n\n\n\n<h3 class=\"wp-block-heading\">C\u00e9 leis a gcomhroinnimid do chuid faisn\u00e9ise pearsanta<\/h3>\n\n\n\n<ol start=\"14\" class=\"wp-block-list\">\n<li>Le linn a bheith ag d\u00e9ile\u00e1il le d\u2019achomharc, beidh ar an mBinse do chuid faisn\u00e9ise phearsanta a chomhroinnt le h\u00e1ititheoir na maoine lena mbaineann an t-achomharc (m\u00e1s rud \u00e9 nach tusa at\u00e1 i gceist), leis an \u00fadar\u00e1s r\u00e1t\u00fach\u00e1in ar ina limist\u00e9ar at\u00e1 an mhaoin sin suite agus ar na Coimisin\u00e9ir\u00ed Luach\u00e1la agus ar aon ph\u00e1irt\u00ed eile ar dealraitheach don Bhinse ina leith go nd\u00e9anann an bhreith a dh\u00e9anann s\u00e9 faoin achomharc difear d\u00f3 n\u00f3 di.<\/li>\n<\/ol>\n\n\n\n<h3 class=\"wp-block-heading\">C\u00e1 fhad a choime\u00e1daimid sonra\u00ed<\/h3>\n\n\n\n<ol start=\"15\" class=\"wp-block-list\">\n<li>Coime\u00e1dfaimid do chuid faisn\u00e9ise pearsanta ar feadh tr\u00e9imhse tr\u00ed mh\u00ed tar \u00e9is cinneadh an Bhinse a eisi\u00faint. D\u2019fh\u00e9adfadh s\u00e9 tarl\u00fa go gcoime\u00e1dfar do chuid faisn\u00e9ise pearsanta ar feadh tr\u00e9imhse n\u00edos faide n\u00e1 sin m\u00e1 dh\u00e9antar achomharc chuig an Ard-Ch\u00fairt i gcoinne bhreith an Bhinse n\u00f3 m\u00e1 chuirtear i gcoinne bhreith an Bhinse in imeachta\u00ed dl\u00edthi\u00fala.<\/li>\n<\/ol>\n\n\n\n<h3 class=\"wp-block-heading\">Conas is f\u00e9idir leat rochtain a fh\u00e1il ar do chuid faisn\u00e9ise pearsanta<\/h3>\n\n\n\n<ol start=\"16\" class=\"wp-block-list\">\n<li>T\u00e1 an ceart agat chun mionsonra\u00ed a iarraidh faoin bhfaisn\u00e9is phearsanta at\u00e1 againn f\u00fat. Tabharfaimid na sonra\u00ed iomchu\u00ed duit laistigh d\u2019aon mh\u00ed amh\u00e1in \u00f3n tr\u00e1th a iarrann t\u00fa iad.<\/li>\n<\/ol>\n\n\n\n<h3 class=\"wp-block-heading\">An Ceart maidir le Ceart\u00fa n\u00f3 Scriosadh<\/h3>\n\n\n\n<ol start=\"17\" class=\"wp-block-list\">\n<li>T\u00e1 t\u00fa i dteideal do chuid sonra\u00ed pearsanta a chur \u00e1 gceart\u00fa m\u00e1 shealbha\u00edmid sonra\u00ed m\u00edchruinne n\u00f3 do chuid sonra\u00ed pearsanta a chur \u00e1 scriosadh mura bhfuil c\u00fais dhlisteanach againn chun iad a choime\u00e1d. I gc\u00e1s inar mian leat iarratas a dh\u00e9anamh ar cheart\u00fa n\u00f3 ar scriosadh sonra\u00ed, is f\u00e9idir leat sin a dh\u00e9anamh ach iarraidh a dh\u00e9anamh i scr\u00edbhinn chuig: An Cl\u00e1raitheoir, An Binse Luach\u00e1la, An 6\u00fa hUrl\u00e1r, Halla Mhargadh na Feirme, Margadh na Feirme, Baile \u00c1tha Cliath 7, D07 AEF4, n\u00f3 le r\u00edomhphost chuig: <a href=\"mailto:info@valuationtribunal.ie\">info@valuationtribunal.ie<\/a>. Ceart\u00f3far n\u00f3 scriosfar do chuid sonra\u00ed pearsanta laistigh d\u2019aon mh\u00ed amh\u00e1in ar choinn\u00edoll go bhfuil fianaise r\u00e9as\u00fanach ann chun tac\u00fa leis an ng\u00e1 le ceart\u00fa n\u00f3 le scriosadh.<\/li>\n<\/ol>\n\n\n\n<h3 class=\"wp-block-heading\">Ceart maidir le hIniomparthacht Sonra\u00ed<\/h3>\n\n\n\n<ol start=\"18\" class=\"wp-block-list\">\n<li>T\u00e1 t\u00fa i dteideal do chuid sonra\u00ed a fh\u00e1il uainn agus iad a chur \u00e1 n-aistri\u00fa chuig eagra\u00edocht eile. I gc\u00e1s inar mian leat iarratas a dh\u00e9anamh chun do chuid sonra\u00ed a chur \u00e1 n-aistri\u00fa chuig eagra\u00edocht eile, is f\u00e9idir leat sin a dh\u00e9anamh ach iarraidh a dh\u00e9anamh i scr\u00edbhinn chuig: An Cl\u00e1raitheoir, An Binse Luach\u00e1la, An 6\u00fa hUrl\u00e1r, Halla Mhargadh na Feirme, Margadh na Feirme, Baile \u00c1tha Cliath 7, D07 AEF4, n\u00f3 le r\u00edomhphost chuig: info@valuationtribunal.ie. Nuair a fhaightear iarraidh bhail\u00ed, d\u00e9anfar do chuid sonra\u00ed pearsanta a aistri\u00fa chuig eagra\u00edocht eile laistigh d\u2019aon mh\u00ed amh\u00e1in.<\/li>\n<\/ol>\n","protected":false},"excerpt":{"rendered":"<p>Beartas an Bhinse Luach\u00e1la maidir le Pr\u00edobh\u00e1ideachas C\u00e9 sinn Conas a bhail\u00edmid faisn\u00e9is uait An cine\u00e1l faisn\u00e9ise pearsanta a bhail\u00edmid uait Conas a \u00fas\u00e1idimid do chuid faisn\u00e9ise C\u00e9 leis a gcomhroinnimid do chuid faisn\u00e9ise pearsanta C\u00e1 fhad a choime\u00e1daimid sonra\u00ed Conas is f\u00e9idir leat rochtain a fh\u00e1il ar do chuid faisn\u00e9ise pearsanta An Ceart maidir [&hellip;]<\/p>\n","protected":false},"author":88,"featured_media":0,"parent":9016,"menu_order":0,"comment_status":"closed","ping_status":"closed","template":"","meta":{"site-sidebar-layout":"default","site-content-layout":"","ast-site-content-layout":"default","site-content-style":"default","site-sidebar-style":"default","ast-global-header-display":"","ast-banner-title-visibility":"","ast-main-header-display":"","ast-hfb-above-header-display":"","ast-hfb-below-header-display":"","ast-hfb-mobile-header-display":"","site-post-title":"","ast-breadcrumbs-content":"","ast-featured-img":"","footer-sml-layout":"","ast-disable-related-posts":"","theme-transparent-header-meta":"","adv-header-id-meta":"","stick-header-meta":"","header-above-stick-meta":"","header-main-stick-meta":"","header-below-stick-meta":"","astra-migrate-meta-layouts":"set","ast-page-background-enabled":"default","ast-page-background-meta":{"desktop":{"background-color":"var(--ast-global-color-4)","background-image":"","background-repeat":"repeat","background-position":"center center","background-size":"auto","background-attachment":"scroll","background-type":"","background-media":"","overlay-type":"","overlay-color":"","overlay-opacity":"","overlay-gradient":""},"tablet":{"background-color":"","background-image":"","background-repeat":"repeat","background-position":"center center","background-size":"auto","background-attachment":"scroll","background-type":"","background-media":"","overlay-type":"","overlay-color":"","overlay-opacity":"","overlay-gradient":""},"mobile":{"background-color":"","background-image":"","background-repeat":"repeat","background-position":"center center","background-size":"auto","background-attachment":"scroll","background-type":"","background-media":"","overlay-type":"","overlay-color":"","overlay-opacity":"","overlay-gradient":""}},"ast-content-background-meta":{"desktop":{"background-color":"var(--ast-global-color-5)","background-image":"","background-repeat":"repeat","background-position":"center center","background-size":"auto","background-attachment":"scroll","background-type":"","background-media":"","overlay-type":"","overlay-color":"","overlay-opacity":"","overlay-gradient":""},"tablet":{"background-color":"var(--ast-global-color-5)","background-image":"","background-repeat":"repeat","background-position":"center center","background-size":"auto","background-attachment":"scroll","background-type":"","background-media":"","overlay-type":"","overlay-color":"","overlay-opacity":"","overlay-gradient":""},"mobile":{"background-color":"var(--ast-global-color-5)","background-image":"","background-repeat":"repeat","background-position":"center center","background-size":"auto","background-attachment":"scroll","background-type":"","background-media":"","overlay-type":"","overlay-color":"","overlay-opacity":"","overlay-gradient":""}},"footnotes":""},"class_list":["post-9066","page","type-page","status-publish","hentry"],"yoast_head":"<!-- This site is optimized with the Yoast SEO plugin v27.3 - https:\/\/yoast.com\/product\/yoast-seo-wordpress\/ -->\n<title>Beartas maidir le Pr\u00edobh\u00e1ideachas - An Binse Luach\u00e1la<\/title>\n<meta name=\"robots\" content=\"index, follow, max-snippet:-1, max-image-preview:large, max-video-preview:-1\" \/>\n<link rel=\"canonical\" href=\"https:\/\/www.valuationtribunal.ie\/ga\/faisneis-fuinn\/privacy-policy\/\" \/>\n<meta property=\"og:locale\" content=\"ga_IE\" \/>\n<meta property=\"og:type\" content=\"article\" \/>\n<meta property=\"og:title\" content=\"Beartas maidir le Pr\u00edobh\u00e1ideachas - An Binse Luach\u00e1la\" \/>\n<meta property=\"og:description\" content=\"Beartas an Bhinse Luach\u00e1la maidir le Pr\u00edobh\u00e1ideachas C\u00e9 sinn Conas a bhail\u00edmid faisn\u00e9is uait An cine\u00e1l faisn\u00e9ise pearsanta a bhail\u00edmid uait Conas a \u00fas\u00e1idimid do chuid faisn\u00e9ise C\u00e9 leis a gcomhroinnimid do chuid faisn\u00e9ise pearsanta C\u00e1 fhad a choime\u00e1daimid sonra\u00ed Conas is f\u00e9idir leat rochtain a fh\u00e1il ar do chuid faisn\u00e9ise pearsanta An Ceart maidir [&hellip;]\" \/>\n<meta property=\"og:url\" content=\"https:\/\/www.valuationtribunal.ie\/ga\/faisneis-fuinn\/privacy-policy\/\" \/>\n<meta property=\"og:site_name\" content=\"An Binse Luach\u00e1la\" \/>\n<meta property=\"article:modified_time\" content=\"2025-10-10T14:14:04+00:00\" \/>\n<meta name=\"twitter:label1\" content=\"Est. reading time\" \/>\n\t<meta name=\"twitter:data1\" content=\"6 minutes\" \/>\n<script type=\"application\/ld+json\" class=\"yoast-schema-graph\">{\"@context\":\"https:\\\/\\\/schema.org\",\"@graph\":[{\"@type\":\"WebPage\",\"@id\":\"https:\\\/\\\/www.valuationtribunal.ie\\\/ga\\\/faisneis-fuinn\\\/privacy-policy\\\/\",\"url\":\"https:\\\/\\\/www.valuationtribunal.ie\\\/ga\\\/faisneis-fuinn\\\/privacy-policy\\\/\",\"name\":\"Beartas maidir le Pr\u00edobh\u00e1ideachas - An Binse Luach\u00e1la\",\"isPartOf\":{\"@id\":\"https:\\\/\\\/vt.fusio.dev\\\/#website\"},\"datePublished\":\"2018-11-07T00:26:58+00:00\",\"dateModified\":\"2025-10-10T14:14:04+00:00\",\"breadcrumb\":{\"@id\":\"https:\\\/\\\/www.valuationtribunal.ie\\\/ga\\\/faisneis-fuinn\\\/privacy-policy\\\/#breadcrumb\"},\"inLanguage\":\"ga-IE\",\"potentialAction\":[{\"@type\":\"ReadAction\",\"target\":[\"https:\\\/\\\/www.valuationtribunal.ie\\\/ga\\\/faisneis-fuinn\\\/privacy-policy\\\/\"]}]},{\"@type\":\"BreadcrumbList\",\"@id\":\"https:\\\/\\\/www.valuationtribunal.ie\\\/ga\\\/faisneis-fuinn\\\/privacy-policy\\\/#breadcrumb\",\"itemListElement\":[{\"@type\":\"ListItem\",\"position\":1,\"name\":\"Home\",\"item\":\"https:\\\/\\\/www.valuationtribunal.ie\\\/ga\\\/\"},{\"@type\":\"ListItem\",\"position\":2,\"name\":\"Faisn\u00e9is F\u00fainn\",\"item\":\"https:\\\/\\\/vt.fusio.dev\\\/faisneis-fuinn\\\/\"},{\"@type\":\"ListItem\",\"position\":3,\"name\":\"Beartas maidir le Pr\u00edobh\u00e1ideachas\"}]},{\"@type\":\"WebSite\",\"@id\":\"https:\\\/\\\/vt.fusio.dev\\\/#website\",\"url\":\"https:\\\/\\\/vt.fusio.dev\\\/\",\"name\":\"An Binse Luach\u00e1la\",\"description\":\"\",\"publisher\":{\"@id\":\"https:\\\/\\\/vt.fusio.dev\\\/#organization\"},\"potentialAction\":[{\"@type\":\"SearchAction\",\"target\":{\"@type\":\"EntryPoint\",\"urlTemplate\":\"https:\\\/\\\/vt.fusio.dev\\\/?s={search_term_string}\"},\"query-input\":{\"@type\":\"PropertyValueSpecification\",\"valueRequired\":true,\"valueName\":\"search_term_string\"}}],\"inLanguage\":\"ga-IE\"},{\"@type\":\"Organization\",\"@id\":\"https:\\\/\\\/vt.fusio.dev\\\/#organization\",\"name\":\"An Binse Luach\u00e1la\",\"url\":\"https:\\\/\\\/vt.fusio.dev\\\/\",\"logo\":{\"@type\":\"ImageObject\",\"inLanguage\":\"ga-IE\",\"@id\":\"https:\\\/\\\/vt.fusio.dev\\\/#\\\/schema\\\/logo\\\/image\\\/\",\"url\":\"https:\\\/\\\/www.valuationtribunal.ie\\\/wp-content\\\/uploads\\\/2017\\\/06\\\/Valuation-Tribunal-Logo-250.jpg\",\"contentUrl\":\"https:\\\/\\\/www.valuationtribunal.ie\\\/wp-content\\\/uploads\\\/2017\\\/06\\\/Valuation-Tribunal-Logo-250.jpg\",\"width\":250,\"height\":72,\"caption\":\"An Binse Luach\u00e1la\"},\"image\":{\"@id\":\"https:\\\/\\\/vt.fusio.dev\\\/#\\\/schema\\\/logo\\\/image\\\/\"}}]}<\/script>\n<!-- \/ Yoast SEO plugin. -->","yoast_head_json":{"title":"Beartas maidir le Pr\u00edobh\u00e1ideachas - An Binse Luach\u00e1la","robots":{"index":"index","follow":"follow","max-snippet":"max-snippet:-1","max-image-preview":"max-image-preview:large","max-video-preview":"max-video-preview:-1"},"canonical":"https:\/\/www.valuationtribunal.ie\/ga\/faisneis-fuinn\/privacy-policy\/","og_locale":"ga_IE","og_type":"article","og_title":"Beartas maidir le Pr\u00edobh\u00e1ideachas - An Binse Luach\u00e1la","og_description":"Beartas an Bhinse Luach\u00e1la maidir le Pr\u00edobh\u00e1ideachas C\u00e9 sinn Conas a bhail\u00edmid faisn\u00e9is uait An cine\u00e1l faisn\u00e9ise pearsanta a bhail\u00edmid uait Conas a \u00fas\u00e1idimid do chuid faisn\u00e9ise C\u00e9 leis a gcomhroinnimid do chuid faisn\u00e9ise pearsanta C\u00e1 fhad a choime\u00e1daimid sonra\u00ed Conas is f\u00e9idir leat rochtain a fh\u00e1il ar do chuid faisn\u00e9ise pearsanta An Ceart maidir [&hellip;]","og_url":"https:\/\/www.valuationtribunal.ie\/ga\/faisneis-fuinn\/privacy-policy\/","og_site_name":"An Binse Luach\u00e1la","article_modified_time":"2025-10-10T14:14:04+00:00","twitter_misc":{"Est. reading time":"6 minutes"},"schema":{"@context":"https:\/\/schema.org","@graph":[{"@type":"WebPage","@id":"https:\/\/www.valuationtribunal.ie\/ga\/faisneis-fuinn\/privacy-policy\/","url":"https:\/\/www.valuationtribunal.ie\/ga\/faisneis-fuinn\/privacy-policy\/","name":"Beartas maidir le Pr\u00edobh\u00e1ideachas - An Binse Luach\u00e1la","isPartOf":{"@id":"https:\/\/vt.fusio.dev\/#website"},"datePublished":"2018-11-07T00:26:58+00:00","dateModified":"2025-10-10T14:14:04+00:00","breadcrumb":{"@id":"https:\/\/www.valuationtribunal.ie\/ga\/faisneis-fuinn\/privacy-policy\/#breadcrumb"},"inLanguage":"ga-IE","potentialAction":[{"@type":"ReadAction","target":["https:\/\/www.valuationtribunal.ie\/ga\/faisneis-fuinn\/privacy-policy\/"]}]},{"@type":"BreadcrumbList","@id":"https:\/\/www.valuationtribunal.ie\/ga\/faisneis-fuinn\/privacy-policy\/#breadcrumb","itemListElement":[{"@type":"ListItem","position":1,"name":"Home","item":"https:\/\/www.valuationtribunal.ie\/ga\/"},{"@type":"ListItem","position":2,"name":"Faisn\u00e9is F\u00fainn","item":"https:\/\/vt.fusio.dev\/faisneis-fuinn\/"},{"@type":"ListItem","position":3,"name":"Beartas maidir le Pr\u00edobh\u00e1ideachas"}]},{"@type":"WebSite","@id":"https:\/\/vt.fusio.dev\/#website","url":"https:\/\/vt.fusio.dev\/","name":"An Binse Luach\u00e1la","description":"","publisher":{"@id":"https:\/\/vt.fusio.dev\/#organization"},"potentialAction":[{"@type":"SearchAction","target":{"@type":"EntryPoint","urlTemplate":"https:\/\/vt.fusio.dev\/?s={search_term_string}"},"query-input":{"@type":"PropertyValueSpecification","valueRequired":true,"valueName":"search_term_string"}}],"inLanguage":"ga-IE"},{"@type":"Organization","@id":"https:\/\/vt.fusio.dev\/#organization","name":"An Binse Luach\u00e1la","url":"https:\/\/vt.fusio.dev\/","logo":{"@type":"ImageObject","inLanguage":"ga-IE","@id":"https:\/\/vt.fusio.dev\/#\/schema\/logo\/image\/","url":"https:\/\/www.valuationtribunal.ie\/wp-content\/uploads\/2017\/06\/Valuation-Tribunal-Logo-250.jpg","contentUrl":"https:\/\/www.valuationtribunal.ie\/wp-content\/uploads\/2017\/06\/Valuation-Tribunal-Logo-250.jpg","width":250,"height":72,"caption":"An Binse Luach\u00e1la"},"image":{"@id":"https:\/\/vt.fusio.dev\/#\/schema\/logo\/image\/"}}]}},"_links":{"self":[{"href":"https:\/\/www.valuationtribunal.ie\/ga\/wp-json\/wp\/v2\/pages\/9066","targetHints":{"allow":["GET"]}}],"collection":[{"href":"https:\/\/www.valuationtribunal.ie\/ga\/wp-json\/wp\/v2\/pages"}],"about":[{"href":"https:\/\/www.valuationtribunal.ie\/ga\/wp-json\/wp\/v2\/types\/page"}],"author":[{"embeddable":true,"href":"https:\/\/www.valuationtribunal.ie\/ga\/wp-json\/wp\/v2\/users\/88"}],"replies":[{"embeddable":true,"href":"https:\/\/www.valuationtribunal.ie\/ga\/wp-json\/wp\/v2\/comments?post=9066"}],"version-history":[{"count":7,"href":"https:\/\/www.valuationtribunal.ie\/ga\/wp-json\/wp\/v2\/pages\/9066\/revisions"}],"predecessor-version":[{"id":16492,"href":"https:\/\/www.valuationtribunal.ie\/ga\/wp-json\/wp\/v2\/pages\/9066\/revisions\/16492"}],"up":[{"embeddable":true,"href":"https:\/\/www.valuationtribunal.ie\/ga\/wp-json\/wp\/v2\/pages\/9016"}],"wp:attachment":[{"href":"https:\/\/www.valuationtribunal.ie\/ga\/wp-json\/wp\/v2\/media?parent=9066"}],"curies":[{"name":"wp","href":"https:\/\/api.w.org\/{rel}","templated":true}]}}